{"id":735,"date":"2023-03-28T13:59:49","date_gmt":"2023-03-28T13:59:49","guid":{"rendered":"https:\/\/bracketweb.com\/govitywp\/?page_id=735"},"modified":"2024-02-27T23:50:51","modified_gmt":"2024-02-28T02:50:51","slug":"our-history","status":"publish","type":"page","link":"https:\/\/partidonuevotiempo.cl\/index.php\/our-history\/","title":{"rendered":"Nuestra Historia"},"content":{"rendered":"\t\t<div data-elementor-type=\"wp-page\" data-elementor-id=\"735\" class=\"elementor elementor-735\">\n\t\t\t\t\t\t<section class=\"elementor-section elementor-top-section elementor-element elementor-element-bcce801 elementor-section-full_width elementor-section-height-default elementor-section-height-default\" data-id=\"bcce801\" data-element_type=\"section\">\n\t\t\t\t\t\t<div class=\"elementor-container elementor-column-gap-no\">\n\t\t\t\t\t<div class=\"elementor-column elementor-col-100 elementor-top-column elementor-element elementor-element-41e2fee\" data-id=\"41e2fee\" data-element_type=\"column\">\n\t\t\t<div class=\"elementor-widget-wrap elementor-element-populated\">\n\t\t\t\t\t\t<div class=\"elementor-element elementor-element-f93f7ac elementor-widget elementor-widget-govity-history\" data-id=\"f93f7ac\" data-element_type=\"widget\" data-widget_type=\"govity-history.default\">\n\t\t\t\t<div class=\"elementor-widget-container\">\n\t\t\t\r\n    <!--Our History Start-->\r\n    <section class=\"our-history\">\r\n        <div class=\"container\">\r\n            <div class=\"section-title text-center\">\r\n                <div class=\"section-title__icon\">\r\n                    <span aria-hidden=\"true\" class=\"  fa fa-star\"><\/span>                <\/div>\r\n                <span class=\"section-title__tagline\">Conoce <\/span><h2 class=\"section-title__title\">Nuestra Historia <\/h2>            <\/div>\r\n            <div class=\"our-history__inner\">\r\n\r\n                                    <!--Our History Single Start-->\r\n                    <div class=\"our-history__single\">\r\n                        <div class=\"our-history__year-box\">\r\n                            <p class=\"\">2015<\/p>                        <\/div>\r\n                        <div class=\"our-history__main-content-box\">\r\n                            <div class=\"our-history__main-content-single\">\r\n                                <ul class=\"row list-unstyled\">\r\n                                    <li class=\"col-xl-6 col-lg-6\">\r\n                                        <div class=\"our-history__img-box\">\r\n                                            <div class=\"our-history__img\">\r\n                                                <img decoding=\"async\" src=\"https:\/\/partidonuevotiempo.cl\/wp-content\/uploads\/2024\/02\/Banderas_HD.jpeg\" alt=\"Banderas_HD\" title=\"Banderas_HD\" >                                            <\/div>\r\n                                        <\/div>\r\n                                    <\/li>\r\n                                    <li class=\"col-xl-6 col-lg-6\">\r\n                                        <div class=\"our-history__content-one\">\r\n                                            <div class=\"our-history__content-one-title-box\">\r\n                                                <div class=\"our-history__content-one-circle-one\">\r\n                                                    <div class=\"our-history__content-one-circle-two\">\r\n                                                        <div class=\"our-history__content-one-circle-three\"><\/div>\r\n                                                    <\/div>\r\n                                                <\/div>\r\n                                                <p class=\"our-history__content-one-sub-title\">2015<\/p><h3 class=\"our-history__content-one-title\">Nace Partido Nuevo Tiempo<\/h3>                                            <\/div>\r\n                                            <div class=\"our-history__content-one-text-box\">\r\n                                                <p class=\"our-history__content-one-text\"> A ra\u00edz de la crisis pol\u00edtica e institucional en Chile (corrupci\u00f3n, estafas, fraudes, enga\u00f1os, mentiras, entre otras); la promoci\u00f3n de leyes, por parte de nuestros legisladores y autoridades, que van en contra de nuestros principios (familia, igualdad, libertad de ense\u00f1anza, libertad de expresi\u00f3n, autonom\u00eda de la voluntad, entre otros) y perjudican a la sociedad; y la necesidad de nuevos liderazgos pol\u00edticos y sociales que trabajen honestamente por el bienestar de todas las personas, que conserven su integridad y que provoquen los cambios que Dios desea para nuestro pa\u00eds. <\/p>                                            <\/div>\r\n                                        <\/div>\r\n                                    <\/li>\r\n                                <\/ul>\r\n                            <\/div>\r\n                            <div class=\"our-history__main-content-single\">\r\n                                <ul class=\"row list-unstyled\">\r\n                                    <li class=\"col-xl-6 col-lg-6\">\r\n                                        <div class=\"our-history__content-two\">\r\n                                            <div class=\"our-history__content-two-title-box\">\r\n                                                <div class=\"our-history__content-two-circle-one\">\r\n                                                    <div class=\"our-history__content-two-circle-two\">\r\n                                                        <div class=\"our-history__content-two-circle-three\"><\/div>\r\n                                                    <\/div>\r\n                                                <\/div>\r\n                                                <p class=\"our-history__content-two-sub-title\">2017<\/p><h3 class=\"our-history__content-two-title\">Primeros Candidatos Independientes<\/h3>                                            <\/div>\r\n                                            <div class=\"our-history__content-two-text-box\">\r\n                                                <p class=\"our-history__content-one-text\">Mientras los equipos regionales trabajaban en la ardua labor de recolectar las firmas para la constituci\u00f3n del partido, Nuevo Tiempo presentaba sus primeros candidatos independientes a las elecciones parlamentarias y al consejo regional.<\/p>                                            <\/div>\r\n                                        <\/div>\r\n                                    <\/li>\r\n                                    <li class=\"col-xl-6 col-lg-6\">\r\n                                        <div class=\"our-history__img-box-two\">\r\n                                            <div class=\"our-history__img-two\">\r\n                                                <img decoding=\"async\" src=\"https:\/\/partidonuevotiempo.cl\/wp-content\/uploads\/2024\/02\/Primeros-Candidatos.jpg\" alt=\"Primeros Candidatos\" title=\"Primeros Candidatos\" >                                            <\/div>\r\n                                        <\/div>\r\n                                    <\/li>\r\n                                <\/ul>\r\n                            <\/div>\r\n                        <\/div>\r\n                    <\/div>\r\n                    <!--Our History Single End-->\r\n                                    <!--Our History Single Start-->\r\n                    <div class=\"our-history__single\">\r\n                        <div class=\"our-history__year-box\">\r\n                            <p class=\" \">2019<\/p>                        <\/div>\r\n                        <div class=\"our-history__main-content-box\">\r\n                            <div class=\"our-history__main-content-single\">\r\n                                <ul class=\"row list-unstyled\">\r\n                                    <li class=\"col-xl-6 col-lg-6\">\r\n                                        <div class=\"our-history__img-box\">\r\n                                            <div class=\"our-history__img\">\r\n                                                <img decoding=\"async\" src=\"https:\/\/partidonuevotiempo.cl\/wp-content\/uploads\/2024\/02\/IMG_8317.jpg\" alt=\"IMG_8317\" title=\"IMG_8317\" >                                            <\/div>\r\n                                        <\/div>\r\n                                    <\/li>\r\n                                    <li class=\"col-xl-6 col-lg-6\">\r\n                                        <div class=\"our-history__content-one\">\r\n                                            <div class=\"our-history__content-one-title-box\">\r\n                                                <div class=\"our-history__content-one-circle-one\">\r\n                                                    <div class=\"our-history__content-one-circle-two\">\r\n                                                        <div class=\"our-history__content-one-circle-three\"><\/div>\r\n                                                    <\/div>\r\n                                                <\/div>\r\n                                                <p class=\"our-history__content-one-sub-title our-history__content-one-sub-title\">Julio 2019<\/p><h3 class=\"our-history__content-one-title our-history__content-one-title\">Constituci\u00f3n Legal del Partido <\/h3>                                            <\/div>\r\n                                            <div class=\"our-history__content-one-text-box\">\r\n                                                <p class=\"our-history__content-one-text our-history__content-one-text\">Tras un intenso trabajo en las regiones de Arica y Parinacota, Tarapac\u00e1 y Antofagasta, el Servicio Electoral de Chile acoge la solicitud de inscripci\u00f3n del partido, oficializando su constituci\u00f3n legal e inscribiendo su nombre en el Registro de Partidos Pol\u00edticos del pa\u00eds. <\/p>                                            <\/div>\r\n                                        <\/div>\r\n                                    <\/li>\r\n                                <\/ul>\r\n                            <\/div>\r\n                            <div class=\"our-history__main-content-single\">\r\n                                <ul class=\"row list-unstyled\">\r\n                                    <li class=\"col-xl-6 col-lg-6\">\r\n                                        <div class=\"our-history__content-two\">\r\n                                            <div class=\"our-history__content-two-title-box\">\r\n                                                <div class=\"our-history__content-two-circle-one\">\r\n                                                    <div class=\"our-history__content-two-circle-two\">\r\n                                                        <div class=\"our-history__content-two-circle-three\"><\/div>\r\n                                                    <\/div>\r\n                                                <\/div>\r\n                                                <p class=\"our-history__content-two-sub-title our-history__content-two-sub-title\">15 y 16 de mayo 2021<\/p><h3 class=\"our-history__content-two-title our-history__content-two-title\">Elecciones Municipales 2021<\/h3>                                            <\/div>\r\n                                            <div class=\"our-history__content-two-text-box\">\r\n                                                <p class=\"our-history__content-one-text our-history__content-one-text\">De forma 100% independiente, sin pacto ni coaliciones, participamos en las Elecciones Municipales 2021, presentando 01 candidata a Alcaldesa y 03 candidatos a Concejal en la comuna de Calama. A su vez, presentamos 02 candidatos a Concejal en la comuna y ciudad de Antofagasta. <\/p>                                            <\/div>\r\n                                        <\/div>\r\n                                    <\/li>\r\n                                    <li class=\"col-xl-6 col-lg-6\">\r\n                                        <div class=\"our-history__img-box-two\">\r\n                                            <div class=\"our-history__img-two\">\r\n                                                <img decoding=\"async\" src=\"https:\/\/partidonuevotiempo.cl\/wp-content\/uploads\/2024\/02\/Municipales-1.jpg\" alt=\"Municipales (1)\" title=\"Municipales (1)\" >                                            <\/div>\r\n                                        <\/div>\r\n                                    <\/li>\r\n                                <\/ul>\r\n                            <\/div>\r\n                        <\/div>\r\n                    <\/div>\r\n                    <!--Our History Single End-->\r\n                                    <!--Our History Single Start-->\r\n                    <div class=\"our-history__single\">\r\n                        <div class=\"our-history__year-box\">\r\n                            <p class=\"  \">2021<\/p>                        <\/div>\r\n                        <div class=\"our-history__main-content-box\">\r\n                            <div class=\"our-history__main-content-single\">\r\n                                <ul class=\"row list-unstyled\">\r\n                                    <li class=\"col-xl-6 col-lg-6\">\r\n                                        <div class=\"our-history__img-box\">\r\n                                            <div class=\"our-history__img\">\r\n                                                <img decoding=\"async\" src=\"https:\/\/partidonuevotiempo.cl\/wp-content\/uploads\/2024\/02\/Parlamentarias-1.jpg\" alt=\"Parlamentarias (1)\" title=\"Parlamentarias (1)\" >                                            <\/div>\r\n                                        <\/div>\r\n                                    <\/li>\r\n                                    <li class=\"col-xl-6 col-lg-6\">\r\n                                        <div class=\"our-history__content-one\">\r\n                                            <div class=\"our-history__content-one-title-box\">\r\n                                                <div class=\"our-history__content-one-circle-one\">\r\n                                                    <div class=\"our-history__content-one-circle-two\">\r\n                                                        <div class=\"our-history__content-one-circle-three\"><\/div>\r\n                                                    <\/div>\r\n                                                <\/div>\r\n                                                <p class=\"our-history__content-one-sub-title our-history__content-one-sub-title our-history__content-one-sub-title\">20 de agosto 2021<\/p><h3 class=\"our-history__content-one-title our-history__content-one-title our-history__content-one-title\">Inscripci\u00f3n Candidaturas Parlamentarias y Consejo Regional<\/h3>                                            <\/div>\r\n                                            <div class=\"our-history__content-one-text-box\">\r\n                                                <p class=\"our-history__content-one-text our-history__content-one-text our-history__content-one-text\">Comprometidos con mantener nuestra independencia como partido pol\u00edtico, Nuevo Tiempo inscribe sus candidaturas parlamentarias para las regiones de Arica y Parinacota, Tarapac\u00e1 y Antofagasta, 100% independientes, sin pactos, coaliciones o alianzas pol\u00edticas. <\/p>                                            <\/div>\r\n                                        <\/div>\r\n                                    <\/li>\r\n                                <\/ul>\r\n                            <\/div>\r\n                            <div class=\"our-history__main-content-single\">\r\n                                <ul class=\"row list-unstyled\">\r\n                                    <li class=\"col-xl-6 col-lg-6\">\r\n                                        <div class=\"our-history__content-two\">\r\n                                            <div class=\"our-history__content-two-title-box\">\r\n                                                <div class=\"our-history__content-two-circle-one\">\r\n                                                    <div class=\"our-history__content-two-circle-two\">\r\n                                                        <div class=\"our-history__content-two-circle-three\"><\/div>\r\n                                                    <\/div>\r\n                                                <\/div>\r\n                                                <p class=\"our-history__content-two-sub-title our-history__content-two-sub-title our-history__content-two-sub-title\">21 de noviembre 2021<\/p><h3 class=\"our-history__content-two-title our-history__content-two-title our-history__content-two-title\">Elecciones Parlamentarias 2021<\/h3>                                            <\/div>\r\n                                            <div class=\"our-history__content-two-text-box\">\r\n                                                <p class=\"our-history__content-one-text our-history__content-one-text our-history__content-one-text\">Al igual que en las elecciones municipales 2021, Nuevo Tiempo participa 100% independiente en las Elecciones Parlamentarias de la misma anualidad, presentando 01 candidato parlamentario en Arica y Parinacota, 01 candidata parlamentaria en Tarapac\u00e1, 03 candidatos parlamentarios en Antofagasta y 03 candidatos al Consejo Regional de Antofagasta. <\/p>                                            <\/div>\r\n                                        <\/div>\r\n                                    <\/li>\r\n                                    <li class=\"col-xl-6 col-lg-6\">\r\n                                        <div class=\"our-history__img-box-two\">\r\n                                            <div class=\"our-history__img-two\">\r\n                                                <img decoding=\"async\" src=\"https:\/\/partidonuevotiempo.cl\/wp-content\/uploads\/2024\/02\/DSC03586.jpg\" alt=\"DSC03586\" title=\"DSC03586\" >                                            <\/div>\r\n                                        <\/div>\r\n                                    <\/li>\r\n                                <\/ul>\r\n                            <\/div>\r\n                        <\/div>\r\n                    <\/div>\r\n                    <!--Our History Single End-->\r\n                                    <!--Our History Single Start-->\r\n                    <div class=\"our-history__single\">\r\n                        <div class=\"our-history__year-box\">\r\n                            <p class=\"   \">2022<\/p>                        <\/div>\r\n                        <div class=\"our-history__main-content-box\">\r\n                            <div class=\"our-history__main-content-single\">\r\n                                <ul class=\"row list-unstyled\">\r\n                                    <li class=\"col-xl-6 col-lg-6\">\r\n                                        <div class=\"our-history__img-box\">\r\n                                            <div class=\"our-history__img\">\r\n                                                <img decoding=\"async\" src=\"https:\/\/partidonuevotiempo.cl\/wp-content\/uploads\/2024\/02\/Equipo1-2.jpg\" alt=\"Equipo1 (2)\" title=\"Equipo1 (2)\" >                                            <\/div>\r\n                                        <\/div>\r\n                                    <\/li>\r\n                                    <li class=\"col-xl-6 col-lg-6\">\r\n                                        <div class=\"our-history__content-one\">\r\n                                            <div class=\"our-history__content-one-title-box\">\r\n                                                <div class=\"our-history__content-one-circle-one\">\r\n                                                    <div class=\"our-history__content-one-circle-two\">\r\n                                                        <div class=\"our-history__content-one-circle-three\"><\/div>\r\n                                                    <\/div>\r\n                                                <\/div>\r\n                                                <p class=\"our-history__content-one-sub-title our-history__content-one-sub-title our-history__content-one-sub-title our-history__content-one-sub-title\">03 de febrero 2022<\/p><h3 class=\"our-history__content-one-title our-history__content-one-title our-history__content-one-title our-history__content-one-title\">Disoluci\u00f3n del Partido<\/h3>                                            <\/div>\r\n                                            <div class=\"our-history__content-one-text-box\">\r\n                                                <p class=\"our-history__content-one-text our-history__content-one-text our-history__content-one-text our-history__content-one-text\">Tras no haber alcanzado el porcentaje m\u00ednimo de votos en cada una de las regiones donde se encontraba constituido el partido, en la elecci\u00f3n parlamentaria de 2021, el Servicio Electoral de Chile declara la disoluci\u00f3n de un total de 13 partidos pol\u00edticos, incluyendo Nuevo Tiempo. <br> <br>Durante su funcionamiento el partido conserv\u00f3 su independencia pol\u00edtica en cada una de las elecciones en las que particip\u00f3, no efectuando pactos, alianzas o coaliciones con otros partidos pol\u00edticos, manifestando as\u00ed su compromiso de convertirse en un nuevo referente pol\u00edtico y social, para ejercer una nueva forma de hacer pol\u00edtica.<\/p>                                            <\/div>\r\n                                        <\/div>\r\n                                    <\/li>\r\n                                <\/ul>\r\n                            <\/div>\r\n                            <div class=\"our-history__main-content-single\">\r\n                                <ul class=\"row list-unstyled\">\r\n                                    <li class=\"col-xl-6 col-lg-6\">\r\n                                        <div class=\"our-history__content-two\">\r\n                                            <div class=\"our-history__content-two-title-box\">\r\n                                                <div class=\"our-history__content-two-circle-one\">\r\n                                                    <div class=\"our-history__content-two-circle-two\">\r\n                                                        <div class=\"our-history__content-two-circle-three\"><\/div>\r\n                                                    <\/div>\r\n                                                <\/div>\r\n                                                <p class=\"our-history__content-two-sub-title our-history__content-two-sub-title our-history__content-two-sub-title our-history__content-two-sub-title\">05 de septiembre 2023<\/p><h3 class=\"our-history__content-two-title our-history__content-two-title our-history__content-two-title our-history__content-two-title\">Presentaci\u00f3n de documentos para reinscripci\u00f3n <\/h3>                                            <\/div>\r\n                                            <div class=\"our-history__content-two-text-box\">\r\n                                                <p class=\"our-history__content-one-text our-history__content-one-text our-history__content-one-text our-history__content-one-text\">Con el patrocinio de 107 socios fundadores, Nuevo Tiempo hace entrega de la Escritura P\u00fablica de Constituci\u00f3n del partido, iniciando una nueva etapa para reinscribir Nuevo Tiempo como partido pol\u00edtico. <\/p>                                            <\/div>\r\n                                        <\/div>\r\n                                    <\/li>\r\n                                    <li class=\"col-xl-6 col-lg-6\">\r\n                                        <div class=\"our-history__img-box-two\">\r\n                                            <div class=\"our-history__img-two\">\r\n                                                <img decoding=\"async\" src=\"https:\/\/partidonuevotiempo.cl\/wp-content\/uploads\/2024\/02\/IMG_5879.jpeg\" alt=\"IMG_5879\" title=\"IMG_5879\" >                                            <\/div>\r\n                                        <\/div>\r\n                                    <\/li>\r\n                                <\/ul>\r\n                            <\/div>\r\n                        <\/div>\r\n                    <\/div>\r\n                    <!--Our History Single End-->\r\n                                    <!--Our History Single Start-->\r\n                    <div class=\"our-history__single\">\r\n                        <div class=\"our-history__year-box\">\r\n                            <p class=\"    \">2024<\/p>                        <\/div>\r\n                        <div class=\"our-history__main-content-box\">\r\n                            <div class=\"our-history__main-content-single\">\r\n                                <ul class=\"row list-unstyled\">\r\n                                    <li class=\"col-xl-6 col-lg-6\">\r\n                                        <div class=\"our-history__img-box\">\r\n                                            <div class=\"our-history__img\">\r\n                                                <img decoding=\"async\" src=\"https:\/\/partidonuevotiempo.cl\/wp-content\/uploads\/2024\/02\/4487bd34-1ea4-4301-9f89-67d73e265683.jpg\" alt=\"4487bd34-1ea4-4301-9f89-67d73e265683\" title=\"4487bd34-1ea4-4301-9f89-67d73e265683\" >                                            <\/div>\r\n                                        <\/div>\r\n                                    <\/li>\r\n                                    <li class=\"col-xl-6 col-lg-6\">\r\n                                        <div class=\"our-history__content-one\">\r\n                                            <div class=\"our-history__content-one-title-box\">\r\n                                                <div class=\"our-history__content-one-circle-one\">\r\n                                                    <div class=\"our-history__content-one-circle-two\">\r\n                                                        <div class=\"our-history__content-one-circle-three\"><\/div>\r\n                                                    <\/div>\r\n                                                <\/div>\r\n                                                <p class=\"our-history__content-one-sub-title our-history__content-one-sub-title our-history__content-one-sub-title our-history__content-one-sub-title our-history__content-one-sub-title\">17 de enero 2024<\/p><h3 class=\"our-history__content-one-title our-history__content-one-title our-history__content-one-title our-history__content-one-title our-history__content-one-title\">Nuevo Tiempo, Partido en Formaci\u00f3n<\/h3>                                            <\/div>\r\n                                            <div class=\"our-history__content-one-text-box\">\r\n                                                <p class=\"our-history__content-one-text our-history__content-one-text our-history__content-one-text our-history__content-one-text our-history__content-one-text\">Habiendo dado estricto cumplimiento a las disposiciones legales vigente, el Servicio Electoral de Chile dispone la publicaci\u00f3n de un extracto de la Escritura de Constituci\u00f3n del partido, iniciando as\u00ed la fase de Formaci\u00f3n del Partido Nuevo Tiempo. <\/p>                                            <\/div>\r\n                                        <\/div>\r\n                                    <\/li>\r\n                                <\/ul>\r\n                            <\/div>\r\n                            <div class=\"our-history__main-content-single\">\r\n                                <ul class=\"row list-unstyled\">\r\n                                    <li class=\"col-xl-6 col-lg-6\">\r\n                                        <div class=\"our-history__content-two\">\r\n                                            <div class=\"our-history__content-two-title-box\">\r\n                                                <div class=\"our-history__content-two-circle-one\">\r\n                                                    <div class=\"our-history__content-two-circle-two\">\r\n                                                        <div class=\"our-history__content-two-circle-three\"><\/div>\r\n                                                    <\/div>\r\n                                                <\/div>\r\n                                                                                            <\/div>\r\n                                            <div class=\"our-history__content-two-text-box\">\r\n                                                                                            <\/div>\r\n                                        <\/div>\r\n                                    <\/li>\r\n                                    <li class=\"col-xl-6 col-lg-6\">\r\n                                        <div class=\"our-history__img-box-two\">\r\n                                            <div class=\"our-history__img-two\">\r\n                                                                                            <\/div>\r\n                                        <\/div>\r\n                                    <\/li>\r\n                                <\/ul>\r\n                            <\/div>\r\n                        <\/div>\r\n                    <\/div>\r\n                    <!--Our History Single End-->\r\n                            <\/div>\r\n        <\/div>\r\n    <\/section>\r\n    <!--Our History End-->\r\n\r\n\t\t<\/div>\n\t\t\t\t<\/div>\n\t\t\t\t\t<\/div>\n\t\t<\/div>\n\t\t\t\t\t<\/div>\n\t\t<\/section>\n\t\t\t\t<\/div>\n\t\t","protected":false},"excerpt":{"rendered":"<p>Conoce Nuestra Historia 2015 2015 Nace Partido Nuevo Tiempo A ra\u00edz de la crisis pol\u00edtica e institucional en Chile (corrupci\u00f3n, estafas, fraudes, enga\u00f1os, mentiras, entre otras); la promoci\u00f3n de leyes, por parte de nuestros legisladores y autoridades, que van en contra de nuestros principios (familia, igualdad, libertad de ense\u00f1anza, libertad de expresi\u00f3n, autonom\u00eda de la [&hellip;]<\/p>\n","protected":false},"author":1,"featured_media":0,"parent":0,"menu_order":0,"comment_status":"closed","ping_status":"closed","template":"elementor_header_footer","meta":{"_monsterinsights_skip_tracking":false,"_monsterinsights_sitenote_active":false,"_monsterinsights_sitenote_note":"","_monsterinsights_sitenote_category":0,"footnotes":""},"class_list":["post-735","page","type-page","status-publish","hentry"],"aioseo_notices":[],"_links":{"self":[{"href":"https:\/\/partidonuevotiempo.cl\/index.php\/wp-json\/wp\/v2\/pages\/735"}],"collection":[{"href":"https:\/\/partidonuevotiempo.cl\/index.php\/wp-json\/wp\/v2\/pages"}],"about":[{"href":"https:\/\/partidonuevotiempo.cl\/index.php\/wp-json\/wp\/v2\/types\/page"}],"author":[{"embeddable":true,"href":"https:\/\/partidonuevotiempo.cl\/index.php\/wp-json\/wp\/v2\/users\/1"}],"replies":[{"embeddable":true,"href":"https:\/\/partidonuevotiempo.cl\/index.php\/wp-json\/wp\/v2\/comments?post=735"}],"version-history":[{"count":29,"href":"https:\/\/partidonuevotiempo.cl\/index.php\/wp-json\/wp\/v2\/pages\/735\/revisions"}],"predecessor-version":[{"id":2957,"href":"https:\/\/partidonuevotiempo.cl\/index.php\/wp-json\/wp\/v2\/pages\/735\/revisions\/2957"}],"wp:attachment":[{"href":"https:\/\/partidonuevotiempo.cl\/index.php\/wp-json\/wp\/v2\/media?parent=735"}],"curies":[{"name":"wp","href":"https:\/\/api.w.org\/{rel}","templated":true}]}}